{"id":20,"date":"2021-05-01T19:48:04","date_gmt":"2021-05-01T17:48:04","guid":{"rendered":"https:\/\/www.sampor.net\/?page_id=20"},"modified":"2023-07-16T17:06:56","modified_gmt":"2023-07-16T15:06:56","slug":"skuska-ako-to-vidim-ja","status":"publish","type":"page","link":"https:\/\/www.sampor.net\/index.php\/pokus\/skuska-ako-to-vidim-ja\/","title":{"rendered":"R\u00edmskokatol\u00edcka cirkev"},"content":{"rendered":"\n<p><\/p>\n\n\n\n<p>Rod\u00e1k zo Sampora<\/p>\n\n\n\n<p><strong>reho\u013en\u00edk<\/strong><\/p>\n\n\n\n<p><strong>Gregor Ravan\u010d\u00e1k<\/strong><a href=\"https:\/\/www.sampor.net\/wp-admin\/post.php?post=20&amp;action=edit#sdfootnote1sym\"><sup>1<\/sup><\/a><\/p>\n\n\n\n<p>Gergely Ravancsak (Ravansczak) OSPPE (Ordo Sancti Pauli Primi Eremitae \u2013 R\u00e1d sv. Pavla prv\u00e9ho pustovn\u00edka), \u2013 Ostrihomsk\u00e1 arcidiec\u00e9za<\/p>\n\n\n\n<p>O tomto reho\u013en\u00edkovi vieme, \u017ee sa narodil v Sampore a bol chorv\u00e1tskej n\u00e1rodnosti. Do rehole vst\u00fapil 15. augusta 1673, s\u013euby zlo\u017eil 2. septembra 1674. Doba sk\u00fa\u0161ky (novici\u00e1t) trvala od roku 1673 do roku 1686.<\/p>\n\n\n\n<p class=\"has-small-font-size\"><a href=\"#sdfootnote1anc\">1<\/a> P\u00e1zm\u00e1ny P\u00e9ter Katolikus Egyetem B\u00f6lcs\u00e9szet- \u00e9s T\u00e1rsadalomtudom\u00e1nyi Kar T\u00f6rt\u00e9nelemtudom\u00e1nyi Doktori Iskola. Bojtos Anita. A p\u00e1los rend XVII. sz\u00e1zadi t\u00f6rt\u00e9nete, k\u00fcl\u00f6n\u00f6s tekintettel a rend szellemis\u00e9g\u00e9re. A magyar rendtartom\u00e1ny szerzeteseinek \u00e9letp\u00e1lya- \u00e9s karrierrekonstrukci\u00f3ja az 1637 \u00e9s 1700 k\u00f6z\u00f6tti ut\u00e1np\u00f3tl\u00e1s adatai alapj\u00e1n. Doktori \u00e9rtekez\u00e9s. PPKE BTK T\u00f6rt\u00e9nelemtudom\u00e1nyi Doktori Iskola. Dr. \u0150ze S\u00e1ndor DSc. T\u00e9mavezet\u0151: \u0150ze S\u00e1ndor DSc int\u00e9zetvezet\u0151, a doktori iskola vezet\u0151je, az MTA doktora, Budapest 2018, MELL\u00c9KLETI. K\u00eds\u00e9rlet egy XVII. sz\u00e1zadi p\u00e1los \u00e9letrajzi lexikon megalapoz\u00e1s\u00e1ra: az 1637 \u00e9s 1700 k\u00f6z\u00f6tt bel\u00e9p\u0151 rendtagok adatt\u00e1ra, oldal 320.<\/p>\n\n\n\n<p><\/p>\n\n\n\n<p><strong>Do roku 1709 veriaci zo Sampora patrili pod farnos\u0165 Zoln\u00e1<\/strong><\/p>\n\n\n\n<p>Farnos\u0165 Zoln\u00e1 &#8211; far\u00e1ri:<\/p>\n\n\n\n<figure class=\"wp-block-table is-style-stripes\"><table class=\"has-background has-fixed-layout\" style=\"background-color:#e7f5fe\"><tbody><tr><td>J\u00e1n<\/td><td>1332 &#8211; 1337 ?<\/td><td>?<\/td><td><\/td><\/tr><tr><td>Nicolaus<\/td><td>1347<\/td><td>?<\/td><td><\/td><\/tr><tr><td>J\u00e1n Gaud\u00edk, p\u00f4sobiaci len v Sampore<\/td><td>1663<\/td><td><\/td><td><\/td><\/tr><tr><td>Daniel Korpovsk\u00fd<\/td><td>september 1693<\/td><td>?<\/td><td><\/td><\/tr><tr><td>?<\/td><td><\/td><td><\/td><td><\/td><\/tr><\/tbody><\/table><\/figure>\n\n\n<p><strong data-rich-text-format-boundary=\"true\">Sampor v roku 1709 sa st\u00e1va fili\u00e1lkou farnosti Zvolensk\u00e1 Slatina. Nasleduj\u00fa katol\u00edcky k\u0148azi, ktor\u00ed spravovali aj fili\u00e1lku Sampor. Minim\u00e1lne od roku 1692 do za\u010diatku 20. storo\u010dia (?) samporsk\u00ed katol\u00edci sa zapisovali do matr\u00edk farnosti H\u00e1jniky, hoci pod\u013ea kanonick\u00fdch protokolov Sampor bol f\u00edliou Zolnej (resp. Zvolenskej Slatiny). Tieto skuto\u010dnosti s\u00fa v procese b\u00e1dania.<br><\/strong><\/p>\n<p>Farnos\u0165 Zvolensk\u00e1 Slatina &#8211; far\u00e1ri:<\/p>\n\n\n<div class=\"wp-block-group\"><div class=\"wp-block-group__inner-container is-layout-flow wp-block-group-is-layout-flow\">\n<div class=\"wp-block-columns are-vertically-aligned-center is-layout-flex wp-container-core-columns-is-layout-9d6595d7 wp-block-columns-is-layout-flex\">\n<div class=\"wp-block-column is-vertically-aligned-center is-layout-flow wp-block-column-is-layout-flow\" style=\"flex-basis:100%\">\n<figure class=\"wp-block-table is-style-stripes\"><table class=\"has-background has-fixed-layout\" style=\"background-color:#e7f5fe\"><tbody><tr><td>Kostol v Sampore vr\u00e1ten\u00fd katol\u00edkom<\/td><td>1709<\/td><td><\/td><td><\/td><\/tr><tr><td>Michal \u010cermansk\u00fd<\/td><td>1710<\/td><td>1. marec 1710<\/td><td><\/td><\/tr><tr><td>Paulus, Franciscus Ivisics<\/td><td>1710<\/td><td>1712<\/td><td><\/td><\/tr><tr><td>Michal Jankovics<\/td><td>1. m\u00e1j 1712<\/td><td>1721<\/td><td><\/td><\/tr><tr><td>Joannes Horecsni<\/td><td>17. j\u00fan 1724<\/td><td>15. febru\u00e1r 1738<\/td><td><\/td><\/tr><tr><td>Joannes Szilhacsek<\/td><td>21. febru\u00e1r 1738<\/td><td>1744<\/td><td><\/td><\/tr><tr><td>Paulus Zemergh<\/td><td>27. janu\u00e1r 1744<\/td><td>1748<\/td><td><\/td><\/tr><tr><td>Martinus Sidlovics<\/td><td>3. december 1748<\/td><td>+ 2. janu\u00e1r 1760<\/td><td><\/td><\/tr><tr><td>Mathias Hakkel<\/td><td>6. febru\u00e1r 1760<\/td><td>+ 6. december 1769<\/td><td><\/td><\/tr><tr><td>Georgius Spaczinszky<\/td><td>29. december 1769<\/td><td>?<\/td><td><\/td><\/tr><tr><td>Ign\u00e1c Matul\u00e1ni<\/td><td>1789&nbsp;<\/td><td>1793<\/td><td><\/td><\/tr><tr><td>Jozef Hoffman<\/td><td>1793<\/td><td>1812<\/td><td><\/td><\/tr><tr><td>Juraj Budat\u00ednsky<\/td><td>1812<\/td><td>1814<\/td><td><\/td><\/tr><tr><td>Samuel Bl\u00e1sy<\/td><td>1814<\/td><td>1860<\/td><td><\/td><\/tr><tr><td>J\u00e1n \u010capek<\/td><td>1860<\/td><td>1862<\/td><td><\/td><\/tr><tr><td>J\u00e1n \u0160trba<\/td><td>1862<\/td><td>1874<\/td><td><\/td><\/tr><tr><td>Andrej \u010ci\u017emari\u010d, ad.<\/td><td>1874<\/td><td>1877<\/td><td><\/td><\/tr><tr><td>Pavel Korec<\/td><td>1877<\/td><td>1880<\/td><td><\/td><\/tr><tr><td>\u0160tefan Scutkay<\/td><td>1880<\/td><td>1897<\/td><td><\/td><\/tr><tr><td>J\u00e1n \u0160trb\u00e1\u0148, ad.<\/td><td>1897<\/td><td>1940<\/td><td><\/td><\/tr><tr><td>\u013dudev\u00edt Vesel\u00fd<\/td><td>1940<\/td><td>1944<\/td><td><\/td><\/tr><tr><td>Anzelm Kapit\u00e1\u0148<\/td><td>1944<\/td><td>1944<\/td><td><\/td><\/tr><tr><td>Michal B\u00e1rdo\u0161, ad.<\/td><td>1944<\/td><td>1950<\/td><td><\/td><\/tr><tr><td>Jozef Mur\u00e1r<\/td><td>1950<\/td><td>1956<\/td><td><\/td><\/tr><tr><td>\u0160tefan Flimel<\/td><td>1956<\/td><td>1959<\/td><td><\/td><\/tr><tr><td>J\u00e1n Slivka<\/td><td>1959<\/td><td>1960<\/td><td><\/td><\/tr><tr><td>Franti\u0161ek Broni\u0161<\/td><td>1960<\/td><td>1991<\/td><td><\/td><\/tr><\/tbody><\/table><\/figure>\n\n\n\n<p><strong>Sampor od cca 1988 patr\u00ed pod farnos\u0165 Slia\u010d. Nasleduj\u00fa slia\u010d\u0161k\u00ed far\u00e1ri.<\/strong><\/p>\n\n\n\n<figure class=\"wp-block-table is-style-stripes\"><table class=\"has-background has-fixed-layout\" style=\"background-color:#e7f5fe\"><tbody><tr><td><\/td><td><\/td><td><\/td><td><\/td><\/tr><tr><td>\u0160tefan Piecka<\/td><td>1984<\/td><td>1993<\/td><td><\/td><\/tr><tr><td>V\u00e1clav Kocian<\/td><td>1993<\/td><td>1997<\/td><td><\/td><\/tr><tr><td>Pavel \u017didek<\/td><td>1997<\/td><td>1999<\/td><td><\/td><\/tr><tr><td>Peter Hudec<\/td><td>1999<\/td><td>2001<\/td><td><\/td><\/tr><tr><td>Pavel Geljen<\/td><td>2001<\/td><td>2014<\/td><td><\/td><\/tr><tr><td>Dominik Marko\u0161<\/td><td>2014<\/td><td><\/td><td><\/td><\/tr><\/tbody><\/table><\/figure>\n<\/div>\n<\/div>\n<\/div><\/div>\n","protected":false},"excerpt":{"rendered":"<p>Rod\u00e1k zo Sampora reho\u013en\u00edk Gregor Ravan\u010d\u00e1k1 Gergely Ravancsak (Ravansczak) OSPPE (Ordo Sancti Pauli Primi Eremitae \u2013 R\u00e1d sv. Pavla prv\u00e9ho pustovn\u00edka), \u2013 Ostrihomsk\u00e1 arcidiec\u00e9za O tomto reho\u013en\u00edkovi vieme, \u017ee sa narodil v Sampore a bol chorv\u00e1tskej n\u00e1rodnosti. Do &hellip; <\/p>\n<div class=\"more-link-wrapper\"><a href=\"https:\/\/www.sampor.net\/index.php\/pokus\/skuska-ako-to-vidim-ja\/\" class=\"more-link\">Continue reading<span class=\"screen-reader-text\"> &#8222;R\u00edmskokatol\u00edcka cirkev&#8220;<\/span><\/a><\/div>\n","protected":false},"author":2,"featured_media":0,"parent":9,"menu_order":0,"comment_status":"closed","ping_status":"closed","template":"template-full.php","meta":{"footnotes":""},"class_list":["post-20","page","type-page","status-publish","hentry"],"_links":{"self":[{"href":"https:\/\/www.sampor.net\/index.php\/wp-json\/wp\/v2\/pages\/20","targetHints":{"allow":["GET"]}}],"collection":[{"href":"https:\/\/www.sampor.net\/index.php\/wp-json\/wp\/v2\/pages"}],"about":[{"href":"https:\/\/www.sampor.net\/index.php\/wp-json\/wp\/v2\/types\/page"}],"author":[{"embeddable":true,"href":"https:\/\/www.sampor.net\/index.php\/wp-json\/wp\/v2\/users\/2"}],"replies":[{"embeddable":true,"href":"https:\/\/www.sampor.net\/index.php\/wp-json\/wp\/v2\/comments?post=20"}],"version-history":[{"count":108,"href":"https:\/\/www.sampor.net\/index.php\/wp-json\/wp\/v2\/pages\/20\/revisions"}],"predecessor-version":[{"id":1502,"href":"https:\/\/www.sampor.net\/index.php\/wp-json\/wp\/v2\/pages\/20\/revisions\/1502"}],"up":[{"embeddable":true,"href":"https:\/\/www.sampor.net\/index.php\/wp-json\/wp\/v2\/pages\/9"}],"wp:attachment":[{"href":"https:\/\/www.sampor.net\/index.php\/wp-json\/wp\/v2\/media?parent=20"}],"curies":[{"name":"wp","href":"https:\/\/api.w.org\/{rel}","templated":true}]}}