{"id":105,"date":"2021-05-05T15:32:38","date_gmt":"2021-05-05T13:32:38","guid":{"rendered":"https:\/\/www.sampor.net\/?page_id=105"},"modified":"2023-10-18T13:47:17","modified_gmt":"2023-10-18T11:47:17","slug":"evanjelici","status":"publish","type":"page","link":"https:\/\/www.sampor.net\/index.php\/pokus\/evanjelici\/","title":{"rendered":"Evanjelick\u00e1 cirkev a.v."},"content":{"rendered":"\n<p>Rod\u00e1k zo Sampora<\/p>\n\n\n\n<p><strong>Evanjelick\u00fd k\u0148az<\/strong><\/p>\n\n\n\n<p class=\"has-normal-font-size\"><em><strong>Vojtech Zobrovsk\u00fd 1605-1621<\/strong><\/em> &#8211; Albertus Zobrovius (Vojtech; od mena Adalbert) Zobrovius<a href=\"#sdfootnote1sym\"><sup>1<\/sup><\/a> (Sambori, Zebrovius, Zsebrovius), Albertus (Albert) bol naroden\u00fd v Sampore, miesto a vek \u00famrtia je nezn\u00e1me. \u017diadne \u010fal\u0161ie infom\u00e1cie sa o \u0148om nezachovali, nevieme kedy bol sv\u00e4ten\u00fd, ani to, \u010di bol \u017eenat\u00fd a mal deti.<\/p>\n\n\n\n<p>Miesta p\u00f4sobenia ako far\u00e1ra: Hermanovce (okres Pre\u0161ov) Herm\u00e1ny (Sztanka-) (1605) [28. september 1605, fili\u00e1lka Del\u00e9te \u2013 Daletica, okres Sabinov<a href=\"#sdfootnote2sym\"><sup>2<\/sup><\/a>] Marha\u0148 (okres Bardejov) Margonya (1606), [25. august 1606<a href=\"#sdfootnote3sym\"><sup>3<\/sup><\/a>] Kukov\u00e1 (okres Svidn\u00edk) K\u00fckemez\u0151 (1609\u20131620), [september 1609, 26. september 1611, 9. okt\u00f3ber 1614, september 1620<a href=\"#sdfootnote4sym\"><sup>4<\/sup><\/a>] Str\u00e1\u017eske (okres Michalovce) \u0150rmez\u0151 (1621) [9. september 1621<a href=\"#sdfootnote5sym\"><sup>5<\/sup><\/a>]<\/p>\n\n\n\n<p class=\"has-small-font-size\"><a href=\"#sdfootnote1anc\">1<\/a>CSEPREGI, Zolt\u00e1n. Evang\u00e9likus lelk\u00e9szek Magyarorsz\u00e1gon (ELEM) Proszopogr\u00e1fiai r\u00e9sz I. A reform\u00e1ci\u00f3 kezdet\u00e9t\u0151l a zsolnai zsinatig (1610) I\/3: S-Z. MEDiT. Budapest, 2016. o. 543.<\/p>\n\n\n\n<p class=\"has-small-font-size\"><a href=\"#sdfootnote2anc\">2<\/a> MOL. <strong>Zsinka Ferenc szerk.<\/strong>: Magyar protest\u00e1ns egyh\u00e1zt\u00f6rt\u00e9neti adatt\u00e1r, \u00e9vfolyam XIII. Budapest, Kiadja A Magyar Protest\u00e1ns Irodalmi T\u00e1rsas\u00e1g, 1929. o. 73.<\/p>\n\n\n\n<p class=\"has-small-font-size\"><a href=\"#sdfootnote3anc\">3<\/a> MOL. <strong>Zsinka Ferenc szerk.<\/strong>: Magyar protest\u00e1ns egyh\u00e1zt\u00f6rt\u00e9neti adatt\u00e1r, \u00e9vfolyam XIII. Budapest, Kiadja A Magyar Protest\u00e1ns Irodalmi T\u00e1rsas\u00e1g, 1929. o. 69.<\/p>\n\n\n\n<p class=\"has-small-font-size\"><a href=\"#sdfootnote4anc\">4<\/a> D\u00e1tumy, s\u00favisia pravdepodobne so zmienkou o Vojtechovi, ktor\u00fd sa spom\u00edna v listin\u00e1ch, kedy p\u00f4sobil v Kukovej. MOL. <strong>Zsinka Ferenc szerk.<\/strong>: Magyar protest\u00e1ns egyh\u00e1zt\u00f6rt\u00e9neti adatt\u00e1r, \u00e9vfolyam XIII. Budapest, Kiadja A Magyar Protest\u00e1ns Irodalmi T\u00e1rsas\u00e1g, 1929. s. 68.<\/p>\n\n\n\n<p class=\"has-small-font-size\"><a href=\"#sdfootnote5anc\">5<\/a> MOL. <strong>Zsinka Ferenc szerk.<\/strong>: Magyar protest\u00e1ns egyh\u00e1zt\u00f6rt\u00e9neti adatt\u00e1r, \u00e9vfolyam XIII. Budapest, Kiadja A Magyar Protest\u00e1ns Irodalmi T\u00e1rsas\u00e1g, 1929. o. 132.<\/p>\n\n\n\n<p><\/p>\n\n\n\n<p><strong>Roku 1709 bol kostol v Zolnej evanjelikom od\u0148at\u00fd a evanjelick\u00e1 farnos\u0165 zru\u0161en\u00e1. Samporsk\u00ed evanjelici tohto roku patrili pod f\u00edliu v Zolnej. Po tomto roku zolniansk\u00ed evanjelici patria pod O\u010dov\u00fa a zolniansk\u00ed katol\u00edci pod Ve\u013ek\u00fa Slatinu (Zvolensk\u00e1 Slatina) Pr\u00edslu\u0161nos\u0165 f\u00edlie Sampor k farnostiach je procese b\u00e1dania.<\/strong><\/p>\n\n\n\n<p>Evanjelick\u00e1 farnos\u0165 Zoln\u00e1 &#8211; far\u00e1ri: <\/p>\n\n\n\n<figure class=\"wp-block-table is-style-stripes\"><table class=\"has-background has-fixed-layout\" style=\"background-color:#e7f5fe\"><tbody><tr><td>Filip (p\u00f4vodne kat.k\u0148az)<\/td><td>1550<\/td><td>?<\/td><td><\/td><\/tr><tr><td>Matej Graecus<\/td><td>1552<\/td><td><\/td><td><\/td><\/tr><tr><td>J\u00e1n Telepinas<\/td><td>1558<\/td><td><\/td><td><\/td><\/tr><tr><td>Juraj Mucha<\/td><td>1613<\/td><td><\/td><td><\/td><\/tr><tr><td>Daniel Drako (diakon)<\/td><td>1634<\/td><td><\/td><td><\/td><\/tr><tr><td>Samuel Pelargius<\/td><td>1635<\/td><td><\/td><td><\/td><\/tr><tr><td>Matej Haz<\/td><td>1641<\/td><td><\/td><td><\/td><\/tr><tr><td>J\u00e1n Gersi\u010d<\/td><td>1657<\/td><td><\/td><td><\/td><\/tr><tr><td>Eli\u00e1\u0161 Zacharides (zriekol sa k\u0148azsk\u00e9ho \u00faradu)<\/td><td>1657-1664 (?)<\/td><td><\/td><td><\/td><\/tr><tr><td>Kostol vr\u00e1ten\u00fd katol\u00edkom<\/td><td>1664-1681<\/td><td><\/td><td><\/td><\/tr><tr><td>Mikul\u00e1\u0161 Lepor\u00edni<\/td><td>1682-1696<\/td><td><\/td><td><\/td><\/tr><tr><td>Kri\u0161tof Ma\u017eary<\/td><td>1704<\/td><td><\/td><td><\/td><\/tr><tr><td>Juraj L\u00fdcius<\/td><td>1708<\/td><td><\/td><td><\/td><\/tr><tr><td>Kostol vr\u00e1ten\u00fd katol\u00edkom, ev. farnos\u0165 zru\u0161en\u00e1<\/td><td>1709<\/td><td><\/td><td><\/td><\/tr><\/tbody><\/table><\/figure>\n\n\n\n<p>Samporsk\u00ed evanjelici patria pod Evanjelick\u00fa farnos\u0165 Hronsek minim\u00e1lne od roku 1761. Ev. farnos\u0165 Hronsek &#8211; far\u00e1ri:<\/p>\n\n\n\n<figure class=\"wp-block-table is-style-stripes\"><table class=\"has-background has-fixed-layout\" style=\"background-color:#e7f5fe\"><tbody><tr><td>&#8230;.<\/td><td><\/td><td><\/td><td><\/td><\/tr><tr><td>Andrej Hieronym Fridelius &#8211; Frideli<\/td><td>1749<\/td><td>1766<\/td><td><\/td><\/tr><tr><td>J\u00e1n Sexty &#8211; \u0160est\u00e1k<\/td><td>1766<\/td><td>1775<\/td><td><\/td><\/tr><tr><td>Michal Sinovica<\/td><td>1775<\/td><td>1778<\/td><td><\/td><\/tr><tr><td>Adam Struh\u00e1r<\/td><td>1778<\/td><td>1784<\/td><td><\/td><\/tr><tr><td>Pavol Salay<\/td><td>1784<\/td><td>1785<\/td><td><\/td><\/tr><tr><td>Adam \u0160tevonka<\/td><td>1786<\/td><td>1799<\/td><td><\/td><\/tr><tr><td>\u0160tefan Boleman<\/td><td>1799<\/td><td>18??<\/td><td><\/td><\/tr><tr><td>August Horislav Kr\u010dm\u00e9ry<\/td><td>1855<\/td><td>1874<\/td><td><\/td><\/tr><tr><td>J\u00e1n Molitoris<\/td><td>1875<\/td><td>1897<\/td><td><\/td><\/tr><tr><td>Daniel Paul\u00edny<\/td><td>1898<\/td><td>1937<\/td><td><\/td><\/tr><tr><td>Pavol Hronec<\/td><td>1937<\/td><td>1946<\/td><td><\/td><\/tr><tr><td>Andrej \u013dudov\u00edt Katina <\/td><td>1946<\/td><td>1968<\/td><td><\/td><\/tr><tr><td>Andrej Hajduk<\/td><td>1970<\/td><td>1971<\/td><td><\/td><\/tr><tr><td>Daniel \u0160ovc<\/td><td>1972<\/td><td>1993<\/td><td><\/td><\/tr><tr><td>Anna Jaku\u0161ov\u00e1, rod. B\u00edr\u00f3v\u00e1<\/td><td>1.12.1993<\/td><td><\/td><td><\/td><\/tr><\/tbody><\/table><\/figure>\n","protected":false},"excerpt":{"rendered":"<p>Rod\u00e1k zo Sampora Evanjelick\u00fd k\u0148az Vojtech Zobrovsk\u00fd 1605-1621 &#8211; Albertus Zobrovius (Vojtech; od mena Adalbert) Zobrovius1 (Sambori, Zebrovius, Zsebrovius), Albertus (Albert) bol naroden\u00fd v Sampore, miesto a vek \u00famrtia je nezn\u00e1me. \u017diadne \u010fal\u0161ie infom\u00e1cie sa o \u0148om nezachovali, &hellip; <\/p>\n<div class=\"more-link-wrapper\"><a href=\"https:\/\/www.sampor.net\/index.php\/pokus\/evanjelici\/\" class=\"more-link\">Continue reading<span class=\"screen-reader-text\"> &#8222;Evanjelick\u00e1 cirkev a.v.&#8220;<\/span><\/a><\/div>\n","protected":false},"author":2,"featured_media":0,"parent":9,"menu_order":2,"comment_status":"closed","ping_status":"closed","template":"template-full.php","meta":{"footnotes":""},"class_list":["post-105","page","type-page","status-publish","hentry"],"_links":{"self":[{"href":"https:\/\/www.sampor.net\/index.php\/wp-json\/wp\/v2\/pages\/105","targetHints":{"allow":["GET"]}}],"collection":[{"href":"https:\/\/www.sampor.net\/index.php\/wp-json\/wp\/v2\/pages"}],"about":[{"href":"https:\/\/www.sampor.net\/index.php\/wp-json\/wp\/v2\/types\/page"}],"author":[{"embeddable":true,"href":"https:\/\/www.sampor.net\/index.php\/wp-json\/wp\/v2\/users\/2"}],"replies":[{"embeddable":true,"href":"https:\/\/www.sampor.net\/index.php\/wp-json\/wp\/v2\/comments?post=105"}],"version-history":[{"count":33,"href":"https:\/\/www.sampor.net\/index.php\/wp-json\/wp\/v2\/pages\/105\/revisions"}],"predecessor-version":[{"id":1783,"href":"https:\/\/www.sampor.net\/index.php\/wp-json\/wp\/v2\/pages\/105\/revisions\/1783"}],"up":[{"embeddable":true,"href":"https:\/\/www.sampor.net\/index.php\/wp-json\/wp\/v2\/pages\/9"}],"wp:attachment":[{"href":"https:\/\/www.sampor.net\/index.php\/wp-json\/wp\/v2\/media?parent=105"}],"curies":[{"name":"wp","href":"https:\/\/api.w.org\/{rel}","templated":true}]}}